{"id":5998,"date":"2025-11-07T18:24:04","date_gmt":"2025-11-07T17:24:04","guid":{"rendered":"https:\/\/gaisgodillots-cv.fr\/?page_id=5998"},"modified":"2026-04-27T09:11:12","modified_gmt":"2026-04-27T07:11:12","slug":"annee-2026","status":"publish","type":"page","link":"https:\/\/gaisgodillots-cv.fr\/","title":{"rendered":"Calendrier 2026"},"content":{"rendered":"<div id=\"parchemin\">\n<h5 class=\"center\">Actualit\u00e9s<\/h5>\n<table class=\"parchemin\" style=\"height: 200px;\">\n<tbody>\n<tr style=\"border-style: none;\">\n<td style=\"border-style: none;\" width=\"25%\"><\/td>\n<td style=\"border-style: none;\" width=\"50%\"><\/td>\n<td style=\"border-style: none;\" width=\"25%\"><\/td>\n<\/tr>\n<tr style=\"border-style: none;\">\n<td style=\"border-style: none;\" width=\"25%\"><\/td>\n<td style=\"text-align: center; border-style: none; vertical-align: middle;\" width=\"50%\"><span class=\"infosrando\">Jeudi 30 Avril<br \/>\nChalgoutte &#8211; Balade nocturne<br \/>\nD\u00e9part 18h30<\/span><\/td>\n<td style=\"border-style: none;\" width=\"25%\"><\/td>\n<\/tr>\n<tr style=\"border-style: none;\">\n<td style=\"border-style: none;\" width=\"25%\"><\/td>\n<td style=\"border-style: none;\" width=\"50%\"><\/td>\n<td style=\"border-style: none;\" width=\"25%\"><\/td>\n<\/tr>\n<\/tbody>\n<\/table>\n<\/div>\n<div id=\"mois\" class=\"no-print\">\n<p class=\"infostext\">Cliquer sur le mois \ud83d\udc47\ud83c\udffd<\/p>\n<p><a class=\"mois\" href=\"#janvier\">Janvier<\/a> &#8211; <a class=\"mois\" href=\"#mars\">Mars<\/a> &#8211; <a class=\"mois\" href=\"#avril\">Avril<\/a> &#8211; <a class=\"mois\" href=\"#mai\">Mai<\/a> &#8211; <a class=\"mois\" href=\"#juin\">Juin<\/a> &#8211; <a class=\"mois\" href=\"#juillet\">Juillet<\/a> &#8211; <a class=\"mois\" href=\"#aout\">Ao\u00fbt<\/a> &#8211; <a class=\"mois\" href=\"#septembre\">Septembre<\/a> &#8211; <a class=\"mois\" href=\"#octobre\">Octobre<\/a> &#8211; <a class=\"mois\" href=\"#novembre\">Novembre<\/a><\/p>\n<\/div>\n<div id=\"calendrier\">\n<div id=\"janvier\">\n<p class=\"center\"><a class=\"mois\" href=\"#mois\">Janvier<\/a><\/p>\n<table>\n<tbody>\n<tr class=\"demijournee\">\n<td width=\"25%\">Jeudi 15<\/td>\n<td><a href=\"https:\/\/gaisgodillots-cv.fr\/?page_id=6133\">Galette des rois<\/a><\/td>\n<td>Les Gais Godillots<\/td>\n<\/tr>\n<\/tbody>\n<\/table>\n<\/div>\n<div id=\"mars\">\n<p class=\"center\"><a class=\"mois\" href=\"#mois\">Mars <span class=\"no-print\">\ud83d\udc46\ud83c\udffd<\/span><\/a><\/p>\n<table>\n<tbody>\n<tr>\n<td width=\"25%\">Dimanche 8<\/td>\n<td><a title=\"Assembl\u00e9e G\u00e9n\u00e9rale 2026\" href=\"https:\/\/gaisgodillots-cv.fr\/?page_id=6138\">Assembl\u00e9e G\u00e9n\u00e9rale<\/a><\/td>\n<td>Les Gais Godillots<\/td>\n<\/tr>\n<tr class=\"demijournee\">\n<td width=\"25%\">Jeudi 12<\/td>\n<td><a href=\"https:\/\/gaisgodillots-cv.fr\/?page_id=6256\">Saulcy-sur-Meurthe<\/a><\/td>\n<td>Michel<\/td>\n<\/tr>\n<tr class=\"douce\">\n<td width=\"25%\">Jeudi 19<\/td>\n<td><a href=\"https:\/\/gaisgodillots-cv.fr\/?page_id=6259\">Li\u00e9zey<br \/>\nChemin des Croix<\/a><\/td>\n<td>Agn\u00e8s<\/td>\n<\/tr>\n<tr class=\"douce\">\n<td width=\"25%\">Jeudi 26<\/td>\n<td><a href=\"https:\/\/gaisgodillots-cv.fr\/?page_id=6310\">Les Arrent\u00e8s-de-Corcieux<br \/>\nCarri\u00e8re du Popet<\/a><br \/>\n<span class=\"alerte\">Randonn\u00e9e report\u00e9e<\/span><\/td>\n<td>\u00c9dith et Dany<\/td>\n<\/tr>\n<\/tbody>\n<\/table>\n<\/div>\n<div id=\"avril\">\n<p class=\"center\"><a class=\"mois\" href=\"#mois\">Avril <span class=\"no-print\">\ud83d\udc46\ud83c\udffd<\/span><\/a><\/p>\n<table>\n<tbody>\n<tr class=\"journee\">\n<td width=\"25%\">Lundi 6<\/td>\n<td><a href=\"https:\/\/gaisgodillots-cv.fr\/?page_id=6329\">\u00c9tang du Coucou<\/a><\/td>\n<td>Jacqueline et Jean-Pierre<\/td>\n<\/tr>\n<tr class=\"demijournee\">\n<td width=\"25%\">Jeudi 9<\/td>\n<td><a href=\"https:\/\/gaisgodillots-cv.fr\/?page_id=6403\">Col de Sapois<\/a><\/td>\n<td>Fran\u00e7oise et Jean-Louis<\/td>\n<\/tr>\n<tr class=\"journee\">\n<td width=\"25%\">Dimanche 12<\/td>\n<td><a href=\"https:\/\/gaisgodillots-cv.fr\/?page_id=6406\">Ruaux &#8211; Plombi\u00e8res<\/a><br \/>\n<span class=\"alerte\">Randonn\u00e9e report\u00e9e pour raison m\u00e9t\u00e9orologique<\/span><\/td>\n<td>Agn\u00e8s<\/td>\n<\/tr>\n<tr class=\"demijournee\">\n<td width=\"25%\">Jeudi 16<\/td>\n<td><a href=\"https:\/\/gaisgodillots-cv.fr\/?page_id=6413\">Rehaupal &#8211; Champdray<\/a><\/td>\n<td>Agn\u00e8s<\/td>\n<\/tr>\n<tr class=\"journee\">\n<td width=\"25%\">Dimanche 19<\/td>\n<td><a href=\"https:\/\/gaisgodillots-cv.fr\/?page_id=5993\">Osenbuhr<br \/>\nHaut-Hattstatt<br \/>\nSchrankenfels &#8211; Haneck<\/a><\/td>\n<td>Patrick<\/td>\n<\/tr>\n<tr class=\"demijournee\">\n<td width=\"25%\">Jeudi 23<\/td>\n<td><a href=\"https:\/\/gaisgodillots-cv.fr\/?page_id=6448\">Li\u00e9zey<br \/>\nChemin des \u00e9coliers<\/a><\/td>\n<td>Fran\u00e7oise et Jean-Louis<\/td>\n<\/tr>\n<tr class=\"journee\">\n<td width=\"25%\">Dimanche 26<\/td>\n<td><a href=\"https:\/\/gaisgodillots-cv.fr\/?page_id=6451\">Voie Romaine<br \/>\nRaon-sur-Plaine<\/a><\/td>\n<td>Fran\u00e7oise et Jean-Louis<\/td>\n<\/tr>\n<tr class=\"douce\">\n<td width=\"25%\">Jeudi 30<\/td>\n<td><a href=\"https:\/\/gaisgodillots-cv.fr\/?page_id=6445\">Chalgoutte<\/a><br \/>\n<span class=\"infosrando\">Balade nocturne<br \/>\nD\u00e9part 18h30<\/span><\/td>\n<td>Marie-Agn\u00e8s<\/td>\n<\/tr>\n<\/tbody>\n<\/table>\n<\/div>\n<div id=\"mai\">\n<p class=\"center\"><a class=\"mois\" href=\"#mois\">Mai <span class=\"no-print\">\ud83d\udc46\ud83c\udffd<\/span><\/a><\/p>\n<table>\n<tbody>\n<tr class=\"journee\">\n<td width=\"25%\">Dimanche 3<\/td>\n<td><a href=\"https:\/\/gaisgodillots-cv.fr\/?page_id=6195\">Col du Bonhomme<\/a><\/td>\n<td>Ga\u00ebtane et Jacques<\/td>\n<\/tr>\n<tr class=\"douce\">\n<td width=\"25%\">Jeudi 7<\/td>\n<td>Grandvillers<\/td>\n<td>\u00c9lisabeth<\/td>\n<\/tr>\n<tr>\n<td width=\"25%\">Du Samedi 9<br \/>\nau Samedi 16<\/td>\n<td><a href=\"https:\/\/gaisgodillots-cv.fr\/?page_id=6460\">La Palmyre &#8211; Royan<\/a><\/td>\n<td>Escapade<\/td>\n<\/tr>\n<tr class=\"demijournee\">\n<td width=\"25%\">Jeudi 21<\/td>\n<td>Aubure<\/td>\n<td>Durruti<\/td>\n<\/tr>\n<tr class=\"journee\">\n<td width=\"25%\">Lundi 25<\/td>\n<td>Niederhaslach<\/td>\n<td>Marie-Agn\u00e8s<\/td>\n<\/tr>\n<tr class=\"douce\">\n<td width=\"25%\">Jeudi 28<\/td>\n<td><a href=\"https:\/\/gaisgodillots-cv.fr\/?page_id=6225\">Col de Grosse Pierre<\/a><\/td>\n<td>\u00c9dith et Dany<\/td>\n<\/tr>\n<tr class=\"journee\">\n<td width=\"25%\">Dimanche 31<\/td>\n<td><a href=\"https:\/\/gaisgodillots-cv.fr\/?page_id=6202\">Col de Sainte-Marie<\/a><\/td>\n<td>Ga\u00ebtane et Jacques<\/td>\n<\/tr>\n<\/tbody>\n<\/table>\n<\/div>\n<div id=\"juin\">\n<p class=\"center\"><a class=\"mois\" href=\"#mois\">Juin <span class=\"no-print\">\ud83d\udc46\ud83c\udffd<\/span><\/a><\/p>\n<table>\n<tbody>\n<tr class=\"douce\">\n<td width=\"25%\">Jeudi 4<\/td>\n<td><a href=\"https:\/\/gaisgodillots-cv.fr\/?page_id=6211\">Launoy &#8211; La Fontenelle<\/a><\/td>\n<td>Ga\u00ebtane et Jacques<\/td>\n<\/tr>\n<tr class=\"journee\">\n<td width=\"25%\">Dimanche 7<\/td>\n<td>Col du Wettstein<br \/>\nLac du Forlet<br \/>\nGazon du Faing<\/td>\n<td>Durruti<\/td>\n<\/tr>\n<tr class=\"douce\">\n<td width=\"25%\">Jeudi 11<\/td>\n<td><a href=\"https:\/\/gaisgodillots-cv.fr\/?page_id=6235\">Massif de la Madeleine<\/a><br \/>\n<span class=\"infosrando\">Sortie Botanique<\/span><\/td>\n<td>Fran\u00e7ois V.<\/td>\n<\/tr>\n<tr class=\"journee\">\n<td width=\"25%\">Dimanche 14<\/td>\n<td><a href=\"https:\/\/gaisgodillots-cv.fr\/?page_id=6232\">Tourbi\u00e8re de Machais<\/a><\/td>\n<td>\u00c9dith et Dany<\/td>\n<\/tr>\n<tr class=\"douce\">\n<td width=\"25%\">Jeudi 18<\/td>\n<td>Le petit Tholy<\/td>\n<td>Fran\u00e7oise et Jean-Louis<\/td>\n<\/tr>\n<tr class=\"populaire\">\n<td width=\"25%\">Dimanche 21<\/td>\n<td>Marche Populaire<\/td>\n<td>Gerb\u00e9pal<\/td>\n<\/tr>\n<tr class=\"douce\">\n<td width=\"25%\">Jeudi 25<\/td>\n<td>Belbriette<\/td>\n<td>Jacqueline et Jean-Pierre<\/td>\n<\/tr>\n<tr class=\"journee\">\n<td width=\"25%\">Dimanche 28<\/td>\n<td>Vall\u00e9e du Hang<\/td>\n<td>\u00c9lisabeth<\/td>\n<\/tr>\n<\/tbody>\n<\/table>\n<\/div>\n<div id=\"juillet\">\n<p class=\"center\"><a class=\"mois\" href=\"#mois\">Juillet <span class=\"no-print\">\ud83d\udc46\ud83c\udffd<\/span><\/a><\/p>\n<table>\n<tbody>\n<tr class=\"douce\">\n<td width=\"25%\">Jeudi 2<\/td>\n<td><a href=\"https:\/\/gaisgodillots-cv.fr\/?page_id=6214\">L&rsquo;Ormont<br \/>\nRoche des F\u00e9es<br \/>\nCascade des Moli\u00e8res<\/a><\/td>\n<td>Ga\u00ebtane et Jacques<\/td>\n<\/tr>\n<tr class=\"journee\">\n<td width=\"25%\">Jeudi 9<\/td>\n<td>Vecoux<br \/>\nChaude Fontaine<br \/>\n<span class=\"infosrando\">D\u00e9part 10h<\/span><\/td>\n<td>Agn\u00e8s<\/td>\n<\/tr>\n<tr class=\"populaire\">\n<td width=\"25%\">Dimanche 19<\/td>\n<td>Marche Populaire<br \/>\nFesti&rsquo;Forge<\/td>\n<td>G\u00e9rardmer<br \/>\nCorcieux<\/td>\n<\/tr>\n<tr class=\"douce\">\n<td width=\"25%\">Jeudi 23<\/td>\n<td>Rocher du Hangochet<\/td>\n<td>Agn\u00e8s<\/td>\n<\/tr>\n<tr class=\"journee\">\n<td width=\"25%\">Dimanche 26<\/td>\n<td>Lac des Corbeaux<\/td>\n<td>Jacqueline et Jean-Pierre<\/td>\n<\/tr>\n<\/tbody>\n<\/table>\n<\/div>\n<div id=\"aout\">\n<p class=\"center\"><a class=\"mois\" href=\"#mois\">Ao\u00fbt <span class=\"no-print\">\ud83d\udc46\ud83c\udffd<\/span><\/a><\/p>\n<table>\n<tbody>\n<tr class=\"journee\">\n<td width=\"25%\">Dimanche 2<\/td>\n<td>Deyviller<\/td>\n<td>\u00c9lisabeth<\/td>\n<\/tr>\n<tr class=\"douce\">\n<td width=\"25%\">Jeudi 6<\/td>\n<td>Rendez-vous avec les Chamois<br \/>\n<span class=\"infosrando\">Balade nocture<\/span><\/td>\n<td>Les Gais Godillots<\/td>\n<\/tr>\n<tr class=\"journee\">\n<td width=\"25%\">Dimanche 9<\/td>\n<td>Girmont &#8211; La Vigotte<\/td>\n<td>Fran\u00e7oise et Jean-Louis<\/td>\n<\/tr>\n<tr class=\"populaire\">\n<td width=\"25%\">Samedi 15<\/td>\n<td>Marche Populaire<\/td>\n<td>Fraize<\/td>\n<\/tr>\n<tr>\n<td width=\"25%\">Dimanche 16<\/td>\n<td>Plancha<br \/>\nLa Chapelle-devant-Bruy\u00e8res<\/td>\n<td>Les Gais Godillots<\/td>\n<\/tr>\n<tr class=\"journee\">\n<td width=\"25%\">Dimanche 23<\/td>\n<td>Viom\u00e9nil<br \/>\nSource de la Sa\u00f4ne<\/td>\n<td>Christophe<\/td>\n<\/tr>\n<tr class=\"journee\">\n<td width=\"25%\">Dimanche 30<\/td>\n<td>Barr<br \/>\nCh\u00e2teau d&rsquo;Andlau<\/td>\n<td>\u00c9lisabeth<\/td>\n<\/tr>\n<\/tbody>\n<\/table>\n<\/div>\n<div id=\"septembre\">\n<p class=\"center\"><a class=\"mois\" href=\"#mois\">Septembre <span class=\"no-print\">\ud83d\udc46\ud83c\udffd<\/span><\/a><\/p>\n<table>\n<tbody>\n<tr class=\"demijournee\">\n<td width=\"25%\">Jeudi 3<\/td>\n<td>La Charme<\/td>\n<td>Fran\u00e7oise et Jean-Louis<\/td>\n<\/tr>\n<tr>\n<td width=\"25%\">Samedi 5<\/td>\n<td>Le Train du Cochon &#8211; Blumberg<br \/>\nLes chutes du Rhin &#8211; Schaffhousen<\/td>\n<td><span class=\"infosrando\">Sortie Bus en Allemagne<\/span><\/td>\n<\/tr>\n<tr class=\"journee\">\n<td width=\"25%\">Dimanche 6<\/td>\n<td><a href=\"https:\/\/gaisgodillots-cv.fr\/?page_id=6229\">Col du Hahnenbrunen<br \/>\nSchnepfenried<\/a><\/td>\n<td>\u00c9dith et Dany<\/td>\n<\/tr>\n<tr class=\"demijournee\">\n<td width=\"25%\">Jeudi 10<\/td>\n<td>Roche des Vieux Chevaux<\/td>\n<td>Jacqueline et Jean-Pierre<\/td>\n<\/tr>\n<tr class=\"journee\">\n<td width=\"25%\">Dimanche 13<\/td>\n<td><a href=\"https:\/\/gaisgodillots-cv.fr\/?page_id=6009\">Zimmerbach<br \/>\nLe Grand Hohnack<\/a><\/td>\n<td>Patrick<\/td>\n<\/tr>\n<tr class=\"journee\">\n<td width=\"25%\">Jeudi 17<\/td>\n<td><a href=\"https:\/\/gaisgodillots-cv.fr\/?page_id=6217\">Vill\u00e9<br \/>\nCol du Banc Forestier<\/a><br \/>\n<span class=\"infosrando\">D\u00e9part 10h<\/span><\/td>\n<td>Ga\u00ebtane et Jacques<\/td>\n<\/tr>\n<tr class=\"journee\">\n<td width=\"25%\">Dimanche 20<\/td>\n<td>Glasborn<br \/>\n<span class=\"infosrando\">Traditionnel repas \u00e0 l\u2019Auberge<\/span><\/td>\n<td>Les Gais Godillots<\/td>\n<\/tr>\n<tr class=\"journee\">\n<td width=\"25%\">Dimanche 27<\/td>\n<td>Les Mille \u00c9tangs<\/td>\n<td>Fran\u00e7oise et Jean-Louis<\/td>\n<\/tr>\n<\/tbody>\n<\/table>\n<\/div>\n<div id=\"octobre\">\n<p class=\"center\"><a class=\"mois\" href=\"#mois\">Octobre <span class=\"no-print\">\ud83d\udc46\ud83c\udffd<\/span><\/a><\/p>\n<table>\n<tbody>\n<tr class=\"journee\">\n<td width=\"25%\">Dimanche 4<\/td>\n<td><a href=\"https:\/\/gaisgodillots-cv.fr\/?page_id=6021\">Mittlach<br \/>\nValle\u0301e de la Wormsa<\/a><\/td>\n<td>Patrick<\/td>\n<\/tr>\n<tr class=\"journee\">\n<td width=\"25%\">Dimanche 11<\/td>\n<td><a href=\"https:\/\/gaisgodillots-cv.fr\/?page_id=6221\">Fouday &#8211; Belmont<\/a><\/td>\n<td>\u00c9dith et Dany<\/td>\n<\/tr>\n<tr class=\"octobrerose\">\n<td width=\"25%\">Samedi 17<\/td>\n<td>Octobre Rose \ud83e\ude77<\/td>\n<td>Corcieux<\/td>\n<\/tr>\n<tr class=\"journee\">\n<td width=\"25%\">Dimanche 18<\/td>\n<td>Luxeuil &#8211; Saint-Valbert<\/td>\n<td>Agn\u00e8s<\/td>\n<\/tr>\n<\/tbody>\n<\/table>\n<\/div>\n<div id=\"novembre\">\n<p class=\"center\"><a class=\"mois\" href=\"#mois\">Novembre <span class=\"no-print\">\ud83d\udc46\ud83c\udffd<\/span><\/a><\/p>\n<table>\n<tbody>\n<tr>\n<td width=\"25%\">Jeudi 19<\/td>\n<td>Beaujolais nouveau<\/td>\n<td>Comit\u00e9<\/td>\n<\/tr>\n<\/tbody>\n<\/table>\n<\/div>\n<\/div>\n","protected":false},"excerpt":{"rendered":"<p>Actualit\u00e9s Jeudi 30 Avril Chalgoutte &#8211; Balade nocturne D\u00e9part 18h30 Cliquer sur le mois \ud83d\udc47\ud83c\udffd Janvier &#8211; Mars &#8211; Avril &#8211; Mai &#8211; Juin &#8211; Juillet &#8211; Ao\u00fbt &#8211; Septembre &#8211; Octobre &#8211; Novembre Janvier Jeudi 15 Galette des rois Les Gais Godillots Mars \ud83d\udc46\ud83c\udffd Dimanche 8 Assembl\u00e9e G\u00e9n\u00e9rale Les Gais Godillots Jeudi 12 Saulcy-sur-Meurthe &hellip; <a href=\"https:\/\/gaisgodillots-cv.fr\/\" class=\"more-link\">Continuer la lecture<span class=\"screen-reader-text\"> de &laquo;&nbsp;Calendrier 2026&nbsp;&raquo;<\/span><\/a><\/p>\n","protected":false},"author":1,"featured_media":4810,"parent":0,"menu_order":0,"comment_status":"closed","ping_status":"closed","template":"","meta":{"_uag_custom_page_level_css":"","footnotes":""},"class_list":["post-5998","page","type-page","status-publish","has-post-thumbnail","hentry"],"uagb_featured_image_src":{"full":["https:\/\/gaisgodillots-cv.fr\/wp-content\/uploads\/cropped-Bandeau-Gais-Godillots.png",1200,532,false],"thumbnail":["https:\/\/gaisgodillots-cv.fr\/wp-content\/uploads\/cropped-Bandeau-Gais-Godillots-150x150.png",150,150,true],"medium":["https:\/\/gaisgodillots-cv.fr\/wp-content\/uploads\/cropped-Bandeau-Gais-Godillots-300x133.png",300,133,true],"medium_large":["https:\/\/gaisgodillots-cv.fr\/wp-content\/uploads\/cropped-Bandeau-Gais-Godillots-768x340.png",768,340,true],"large":["https:\/\/gaisgodillots-cv.fr\/wp-content\/uploads\/cropped-Bandeau-Gais-Godillots-1024x454.png",840,372,true],"1536x1536":["https:\/\/gaisgodillots-cv.fr\/wp-content\/uploads\/cropped-Bandeau-Gais-Godillots.png",1200,532,false],"2048x2048":["https:\/\/gaisgodillots-cv.fr\/wp-content\/uploads\/cropped-Bandeau-Gais-Godillots.png",1200,532,false],"gg_gallery_thumbnail":["https:\/\/gaisgodillots-cv.fr\/wp-content\/uploads\/cropped-Bandeau-Gais-Godillots-450x250.png",450,250,true],"post-thumbnail":["https:\/\/gaisgodillots-cv.fr\/wp-content\/uploads\/cropped-Bandeau-Gais-Godillots.png",1200,532,false]},"uagb_author_info":{"display_name":"admin4159","author_link":"https:\/\/gaisgodillots-cv.fr\/?author=1"},"uagb_comment_info":0,"uagb_excerpt":"Actualit\u00e9s Jeudi 30 Avril Chalgoutte &#8211; Balade nocturne D\u00e9part 18h30 Cliquer sur le mois \ud83d\udc47\ud83c\udffd Janvier &#8211; Mars &#8211; Avril &#8211; Mai &#8211; Juin &#8211; Juillet &#8211; Ao\u00fbt &#8211; Septembre &#8211; Octobre &#8211; Novembre Janvier Jeudi 15 Galette des rois Les Gais Godillots Mars \ud83d\udc46\ud83c\udffd Dimanche 8 Assembl\u00e9e G\u00e9n\u00e9rale Les Gais Godillots Jeudi 12 Saulcy-sur-Meurthe\u2026","_links":{"self":[{"href":"https:\/\/gaisgodillots-cv.fr\/index.php?rest_route=\/wp\/v2\/pages\/5998","targetHints":{"allow":["GET"]}}],"collection":[{"href":"https:\/\/gaisgodillots-cv.fr\/index.php?rest_route=\/wp\/v2\/pages"}],"about":[{"href":"https:\/\/gaisgodillots-cv.fr\/index.php?rest_route=\/wp\/v2\/types\/page"}],"author":[{"embeddable":true,"href":"https:\/\/gaisgodillots-cv.fr\/index.php?rest_route=\/wp\/v2\/users\/1"}],"replies":[{"embeddable":true,"href":"https:\/\/gaisgodillots-cv.fr\/index.php?rest_route=%2Fwp%2Fv2%2Fcomments&post=5998"}],"version-history":[{"count":205,"href":"https:\/\/gaisgodillots-cv.fr\/index.php?rest_route=\/wp\/v2\/pages\/5998\/revisions"}],"predecessor-version":[{"id":6470,"href":"https:\/\/gaisgodillots-cv.fr\/index.php?rest_route=\/wp\/v2\/pages\/5998\/revisions\/6470"}],"wp:featuredmedia":[{"embeddable":true,"href":"https:\/\/gaisgodillots-cv.fr\/index.php?rest_route=\/wp\/v2\/media\/4810"}],"wp:attachment":[{"href":"https:\/\/gaisgodillots-cv.fr\/index.php?rest_route=%2Fwp%2Fv2%2Fmedia&parent=5998"}],"curies":[{"name":"wp","href":"https:\/\/api.w.org\/{rel}","templated":true}]}}